{"id":1760,"date":"2025-04-23T18:14:14","date_gmt":"2025-04-23T16:14:14","guid":{"rendered":"https:\/\/cprprovenances.eu\/?post_type=tribe_events&#038;p=1760"},"modified":"2025-04-23T18:14:14","modified_gmt":"2025-04-23T16:14:14","slug":"celebration-du-50eme-anniversaire-de-loffice-central-de-lutte-contre-le-trafic-des-biens-culturels-celebration-of-the-50th-anniversary-of-the-central-office-against-illicit-trafficking-of-cultural","status":"publish","type":"tribe_events","link":"https:\/\/cprprovenances.eu\/index.php\/event\/celebration-du-50eme-anniversaire-de-loffice-central-de-lutte-contre-le-trafic-des-biens-culturels-celebration-of-the-50th-anniversary-of-the-central-office-against-illicit-trafficking-of-cultural\/","title":{"rendered":"C\u00e9l\u00e9bration du 50\u00e8me anniversaire de l&rsquo;Office central de lutte contre le trafic des biens culturels \/ Celebration of the 50th anniversary of the Central Office against Illicit Trafficking of Cultural Property C\u00e9l\u00e9bration du 50\u00e8me anniversaire de l&rsquo;Office central de lutte contre le trafic des biens culturels \/ Celebration of the 50th anniversary of the Central Office against Illicit Trafficking of Cultural Property"},"content":{"rendered":"<div class=\"confLogoBox\"><img decoding=\"async\" class=\"confLogo\" src=\"https:\/\/indico.un.org\/event\/1016469\/logo-2351921043.png\" alt=\"C\u00e9l\u00e9bration du 50\u00e8me anniversaire de l'Office central de lutte contre le trafic des biens culturels \/ Celebration of the 50th anniversary of the Central Office against Illicit Trafficking of Cultural Property\" border=\"0\" \/><\/div>\n<p><a href=\"https:\/\/indico.un.org\/event\/1016469\/\"><span class=\"conference-title-link\">C\u00e9l\u00e9bration du 50\u00e8me anniversaire de l&rsquo;Office central de lutte contre le trafic des biens culturels \/ Celebration of the 50th anniversary of the Central Office against Illicit Trafficking of Cultural Property<\/span><\/a><\/p>\n<div class=\"infogrid\">\n<div class=\"infoline date\">\n<div class=\"text\">\n<div><span class=\"label\">Commence le<\/span>\u00a023 mai 2025, 09:00<\/div>\n<div><span class=\"label\">Finit le<\/span>\u00a023 mai 2025, 17:00<\/div>\n<div class=\"timezone\">Europe\/Paris<\/div>\n<\/div>\n<\/div>\n<div class=\"infoline location\">\n<div class=\"text\">\n<div class=\"nohtml\" data-qtip-oldtitle=\"Type d'arrangement\">Hybride<\/div>\n<div class=\"place\">UNESCO Headquarters, Paris, France<\/div>\n<div class=\"room\">Fontenoy\/Floor: -1-Room\/Salle XI<\/div>\n<div class=\"address nohtml\">125, Avenue de Suffren, 75007 Paris<\/div>\n<\/div>\n<\/div>\n<div class=\"infoline info\">\n<div class=\"text\">\n<p>If you register to attend a UNESCO event, your personal data is collected and processed in connection with the event as detailed in the\u00a0<a href=\"https:\/\/www.unesco.org\/en\/events-privacy-notice\" target=\"_blank\" rel=\"noopener\">UNESCO Events Privacy Notice<\/a>. \/\u00a0Si vous vous inscrivez pour participer \u00e0 un \u00e9v\u00e9nement de l&rsquo;UNESCO, vos donn\u00e9es personnelles sont collect\u00e9es et trait\u00e9es dans le cadre de l&rsquo;\u00e9v\u00e9nement, comme indiqu\u00e9 dans\u00a0<a href=\"https:\/\/www.unesco.org\/en\/events-privacy-notice\">l&rsquo;avis de confidentialit\u00e9 des \u00e9v\u00e9nements de l&rsquo;UNESCO.<\/a><\/p>\n<\/div>\n<\/div>\n<\/div>\n<div class=\"action-box highlight\">\n<div class=\"section\">\n<div class=\"text\">Inscription pr\u00e9alable indispensable en pr\u00e9sentiel ou en visio.<\/div>\n<\/div>\n<\/div>\n","protected":false},"excerpt":{"rendered":"<p>C\u00e9l\u00e9bration du 50\u00e8me anniversaire de l&rsquo;Office central de lutte contre le trafic des biens culturels \/ Celebration of the 50th anniversary of the Central Office against Illicit Trafficking of Cultural [&hellip;]<\/p>\n","protected":false},"author":7,"featured_media":0,"template":"","meta":{"_tribe_events_status":"","_tribe_events_status_reason":"","footnotes":""},"tags":[52,191,56,165],"tribe_events_cat":[111,132],"class_list":["post-1760","tribe_events","type-tribe_events","status-publish","hentry","tag-biens-culturels","tag-ocbc","tag-trafic-illicite","tag-unesco","tribe_events_cat-conference","tribe_events_cat-visio-conference","cat_conference","cat_visio-conference"],"yoast_head":"<!-- This site is optimized with the Yoast SEO plugin v27.5 - https:\/\/yoast.com\/product\/yoast-seo-wordpress\/ -->\n<title>C\u00e9l\u00e9bration du 50\u00e8me anniversaire de l&#039;Office central de lutte contre le trafic des biens culturels \/ Celebration of the 50th anniversary of the Central Office against Illicit Trafficking of Cultural Property C\u00e9l\u00e9bration du 50\u00e8me anniversaire de l&#039;Office central de lutte contre le trafic des biens culturels \/ Celebration of the 50th anniversary of the Central Office against Illicit Trafficking of Cultural Property - CPRProvenances<\/title>\n<meta name=\"robots\" content=\"index, follow, max-snippet:-1, max-image-preview:large, max-video-preview:-1\" \/>\n<link rel=\"canonical\" href=\"https:\/\/cprprovenances.eu\/index.php\/event\/celebration-du-50eme-anniversaire-de-loffice-central-de-lutte-contre-le-trafic-des-biens-culturels-celebration-of-the-50th-anniversary-of-the-central-office-against-illicit-trafficking-of-cultural\/\" \/>\n<meta property=\"og:locale\" content=\"fr_FR\" \/>\n<meta property=\"og:type\" content=\"article\" \/>\n<meta property=\"og:title\" content=\"C\u00e9l\u00e9bration du 50\u00e8me anniversaire de l&#039;Office central de lutte contre le trafic des biens culturels \/ Celebration of the 50th anniversary of the Central Office against Illicit Trafficking of Cultural Property C\u00e9l\u00e9bration du 50\u00e8me anniversaire de l&#039;Office central de lutte contre le trafic des biens culturels \/ Celebration of the 50th anniversary of the Central Office against Illicit Trafficking of Cultural Property - CPRProvenances\" \/>\n<meta property=\"og:description\" content=\"C\u00e9l\u00e9bration du 50\u00e8me anniversaire de l&rsquo;Office central de lutte contre le trafic des biens culturels \/ Celebration of the 50th anniversary of the Central Office against Illicit Trafficking of Cultural [&hellip;]\" \/>\n<meta property=\"og:url\" content=\"https:\/\/cprprovenances.eu\/index.php\/event\/celebration-du-50eme-anniversaire-de-loffice-central-de-lutte-contre-le-trafic-des-biens-culturels-celebration-of-the-50th-anniversary-of-the-central-office-against-illicit-trafficking-of-cultural\/\" \/>\n<meta property=\"og:site_name\" content=\"CPRProvenances\" \/>\n<meta property=\"og:image\" content=\"https:\/\/indico.un.org\/event\/1016469\/logo-2351921043.png\" \/>\n<meta name=\"twitter:card\" content=\"summary_large_image\" \/>\n<meta name=\"twitter:label1\" content=\"Dur\u00e9e de lecture estim\u00e9e\" \/>\n\t<meta name=\"twitter:data1\" content=\"1 minute\" \/>\n<script type=\"application\/ld+json\" class=\"yoast-schema-graph\">{\"@context\":\"https:\\\/\\\/schema.org\",\"@graph\":[{\"@type\":\"WebPage\",\"@id\":\"https:\\\/\\\/cprprovenances.eu\\\/index.php\\\/event\\\/celebration-du-50eme-anniversaire-de-loffice-central-de-lutte-contre-le-trafic-des-biens-culturels-celebration-of-the-50th-anniversary-of-the-central-office-against-illicit-trafficking-of-cultural\\\/\",\"url\":\"https:\\\/\\\/cprprovenances.eu\\\/index.php\\\/event\\\/celebration-du-50eme-anniversaire-de-loffice-central-de-lutte-contre-le-trafic-des-biens-culturels-celebration-of-the-50th-anniversary-of-the-central-office-against-illicit-trafficking-of-cultural\\\/\",\"name\":\"C\u00e9l\u00e9bration du 50\u00e8me anniversaire de l'Office central de lutte contre le trafic des biens culturels \\\/ Celebration of the 50th anniversary of the Central Office against Illicit Trafficking of Cultural Property C\u00e9l\u00e9bration du 50\u00e8me anniversaire de l'Office central de lutte contre le trafic des biens culturels \\\/ Celebration of the 50th anniversary of the Central Office against Illicit Trafficking of Cultural Property - CPRProvenances\",\"isPartOf\":{\"@id\":\"https:\\\/\\\/cprprovenances.eu\\\/#website\"},\"primaryImageOfPage\":{\"@id\":\"https:\\\/\\\/cprprovenances.eu\\\/index.php\\\/event\\\/celebration-du-50eme-anniversaire-de-loffice-central-de-lutte-contre-le-trafic-des-biens-culturels-celebration-of-the-50th-anniversary-of-the-central-office-against-illicit-trafficking-of-cultural\\\/#primaryimage\"},\"image\":{\"@id\":\"https:\\\/\\\/cprprovenances.eu\\\/index.php\\\/event\\\/celebration-du-50eme-anniversaire-de-loffice-central-de-lutte-contre-le-trafic-des-biens-culturels-celebration-of-the-50th-anniversary-of-the-central-office-against-illicit-trafficking-of-cultural\\\/#primaryimage\"},\"thumbnailUrl\":\"https:\\\/\\\/indico.un.org\\\/event\\\/1016469\\\/logo-2351921043.png\",\"datePublished\":\"2025-04-23T16:14:14+00:00\",\"breadcrumb\":{\"@id\":\"https:\\\/\\\/cprprovenances.eu\\\/index.php\\\/event\\\/celebration-du-50eme-anniversaire-de-loffice-central-de-lutte-contre-le-trafic-des-biens-culturels-celebration-of-the-50th-anniversary-of-the-central-office-against-illicit-trafficking-of-cultural\\\/#breadcrumb\"},\"inLanguage\":\"fr-FR\",\"potentialAction\":[{\"@type\":\"ReadAction\",\"target\":[\"https:\\\/\\\/cprprovenances.eu\\\/index.php\\\/event\\\/celebration-du-50eme-anniversaire-de-loffice-central-de-lutte-contre-le-trafic-des-biens-culturels-celebration-of-the-50th-anniversary-of-the-central-office-against-illicit-trafficking-of-cultural\\\/\"]}]},{\"@type\":\"ImageObject\",\"inLanguage\":\"fr-FR\",\"@id\":\"https:\\\/\\\/cprprovenances.eu\\\/index.php\\\/event\\\/celebration-du-50eme-anniversaire-de-loffice-central-de-lutte-contre-le-trafic-des-biens-culturels-celebration-of-the-50th-anniversary-of-the-central-office-against-illicit-trafficking-of-cultural\\\/#primaryimage\",\"url\":\"https:\\\/\\\/indico.un.org\\\/event\\\/1016469\\\/logo-2351921043.png\",\"contentUrl\":\"https:\\\/\\\/indico.un.org\\\/event\\\/1016469\\\/logo-2351921043.png\"},{\"@type\":\"BreadcrumbList\",\"@id\":\"https:\\\/\\\/cprprovenances.eu\\\/index.php\\\/event\\\/celebration-du-50eme-anniversaire-de-loffice-central-de-lutte-contre-le-trafic-des-biens-culturels-celebration-of-the-50th-anniversary-of-the-central-office-against-illicit-trafficking-of-cultural\\\/#breadcrumb\",\"itemListElement\":[{\"@type\":\"ListItem\",\"position\":1,\"name\":\"Accueil\",\"item\":\"https:\\\/\\\/cprprovenances.eu\\\/\"},{\"@type\":\"ListItem\",\"position\":2,\"name\":\"\u00c9v\u00e8nements\",\"item\":\"https:\\\/\\\/cprprovenances.eu\\\/index.php\\\/actualites\\\/\"},{\"@type\":\"ListItem\",\"position\":3,\"name\":\"C\u00e9l\u00e9bration du 50\u00e8me anniversaire de l&rsquo;Office central de lutte contre le trafic des biens culturels \\\/ Celebration of the 50th anniversary of the Central Office against Illicit Trafficking of Cultural Property C\u00e9l\u00e9bration du 50\u00e8me anniversaire de l&rsquo;Office central de lutte contre le trafic des biens culturels \\\/ Celebration of the 50th anniversary of the Central Office against Illicit Trafficking of Cultural Property\"}]},{\"@type\":\"WebSite\",\"@id\":\"https:\\\/\\\/cprprovenances.eu\\\/#website\",\"url\":\"https:\\\/\\\/cprprovenances.eu\\\/\",\"name\":\"CPRProvenances\",\"description\":\"Le blog du Collectif Pluridisciplinaire de Recherche de Provenances\",\"potentialAction\":[{\"@type\":\"SearchAction\",\"target\":{\"@type\":\"EntryPoint\",\"urlTemplate\":\"https:\\\/\\\/cprprovenances.eu\\\/?s={search_term_string}\"},\"query-input\":{\"@type\":\"PropertyValueSpecification\",\"valueRequired\":true,\"valueName\":\"search_term_string\"}}],\"inLanguage\":\"fr-FR\"}]}<\/script>\n<!-- \/ Yoast SEO plugin. -->","yoast_head_json":{"title":"C\u00e9l\u00e9bration du 50\u00e8me anniversaire de l'Office central de lutte contre le trafic des biens culturels \/ Celebration of the 50th anniversary of the Central Office against Illicit Trafficking of Cultural Property C\u00e9l\u00e9bration du 50\u00e8me anniversaire de l'Office central de lutte contre le trafic des biens culturels \/ Celebration of the 50th anniversary of the Central Office against Illicit Trafficking of Cultural Property - CPRProvenances","robots":{"index":"index","follow":"follow","max-snippet":"max-snippet:-1","max-image-preview":"max-image-preview:large","max-video-preview":"max-video-preview:-1"},"canonical":"https:\/\/cprprovenances.eu\/index.php\/event\/celebration-du-50eme-anniversaire-de-loffice-central-de-lutte-contre-le-trafic-des-biens-culturels-celebration-of-the-50th-anniversary-of-the-central-office-against-illicit-trafficking-of-cultural\/","og_locale":"fr_FR","og_type":"article","og_title":"C\u00e9l\u00e9bration du 50\u00e8me anniversaire de l'Office central de lutte contre le trafic des biens culturels \/ Celebration of the 50th anniversary of the Central Office against Illicit Trafficking of Cultural Property C\u00e9l\u00e9bration du 50\u00e8me anniversaire de l'Office central de lutte contre le trafic des biens culturels \/ Celebration of the 50th anniversary of the Central Office against Illicit Trafficking of Cultural Property - CPRProvenances","og_description":"C\u00e9l\u00e9bration du 50\u00e8me anniversaire de l&rsquo;Office central de lutte contre le trafic des biens culturels \/ Celebration of the 50th anniversary of the Central Office against Illicit Trafficking of Cultural [&hellip;]","og_url":"https:\/\/cprprovenances.eu\/index.php\/event\/celebration-du-50eme-anniversaire-de-loffice-central-de-lutte-contre-le-trafic-des-biens-culturels-celebration-of-the-50th-anniversary-of-the-central-office-against-illicit-trafficking-of-cultural\/","og_site_name":"CPRProvenances","og_image":[{"url":"https:\/\/indico.un.org\/event\/1016469\/logo-2351921043.png","type":"","width":"","height":""}],"twitter_card":"summary_large_image","twitter_misc":{"Dur\u00e9e de lecture estim\u00e9e":"1 minute"},"schema":{"@context":"https:\/\/schema.org","@graph":[{"@type":"WebPage","@id":"https:\/\/cprprovenances.eu\/index.php\/event\/celebration-du-50eme-anniversaire-de-loffice-central-de-lutte-contre-le-trafic-des-biens-culturels-celebration-of-the-50th-anniversary-of-the-central-office-against-illicit-trafficking-of-cultural\/","url":"https:\/\/cprprovenances.eu\/index.php\/event\/celebration-du-50eme-anniversaire-de-loffice-central-de-lutte-contre-le-trafic-des-biens-culturels-celebration-of-the-50th-anniversary-of-the-central-office-against-illicit-trafficking-of-cultural\/","name":"C\u00e9l\u00e9bration du 50\u00e8me anniversaire de l'Office central de lutte contre le trafic des biens culturels \/ Celebration of the 50th anniversary of the Central Office against Illicit Trafficking of Cultural Property C\u00e9l\u00e9bration du 50\u00e8me anniversaire de l'Office central de lutte contre le trafic des biens culturels \/ Celebration of the 50th anniversary of the Central Office against Illicit Trafficking of Cultural Property - CPRProvenances","isPartOf":{"@id":"https:\/\/cprprovenances.eu\/#website"},"primaryImageOfPage":{"@id":"https:\/\/cprprovenances.eu\/index.php\/event\/celebration-du-50eme-anniversaire-de-loffice-central-de-lutte-contre-le-trafic-des-biens-culturels-celebration-of-the-50th-anniversary-of-the-central-office-against-illicit-trafficking-of-cultural\/#primaryimage"},"image":{"@id":"https:\/\/cprprovenances.eu\/index.php\/event\/celebration-du-50eme-anniversaire-de-loffice-central-de-lutte-contre-le-trafic-des-biens-culturels-celebration-of-the-50th-anniversary-of-the-central-office-against-illicit-trafficking-of-cultural\/#primaryimage"},"thumbnailUrl":"https:\/\/indico.un.org\/event\/1016469\/logo-2351921043.png","datePublished":"2025-04-23T16:14:14+00:00","breadcrumb":{"@id":"https:\/\/cprprovenances.eu\/index.php\/event\/celebration-du-50eme-anniversaire-de-loffice-central-de-lutte-contre-le-trafic-des-biens-culturels-celebration-of-the-50th-anniversary-of-the-central-office-against-illicit-trafficking-of-cultural\/#breadcrumb"},"inLanguage":"fr-FR","potentialAction":[{"@type":"ReadAction","target":["https:\/\/cprprovenances.eu\/index.php\/event\/celebration-du-50eme-anniversaire-de-loffice-central-de-lutte-contre-le-trafic-des-biens-culturels-celebration-of-the-50th-anniversary-of-the-central-office-against-illicit-trafficking-of-cultural\/"]}]},{"@type":"ImageObject","inLanguage":"fr-FR","@id":"https:\/\/cprprovenances.eu\/index.php\/event\/celebration-du-50eme-anniversaire-de-loffice-central-de-lutte-contre-le-trafic-des-biens-culturels-celebration-of-the-50th-anniversary-of-the-central-office-against-illicit-trafficking-of-cultural\/#primaryimage","url":"https:\/\/indico.un.org\/event\/1016469\/logo-2351921043.png","contentUrl":"https:\/\/indico.un.org\/event\/1016469\/logo-2351921043.png"},{"@type":"BreadcrumbList","@id":"https:\/\/cprprovenances.eu\/index.php\/event\/celebration-du-50eme-anniversaire-de-loffice-central-de-lutte-contre-le-trafic-des-biens-culturels-celebration-of-the-50th-anniversary-of-the-central-office-against-illicit-trafficking-of-cultural\/#breadcrumb","itemListElement":[{"@type":"ListItem","position":1,"name":"Accueil","item":"https:\/\/cprprovenances.eu\/"},{"@type":"ListItem","position":2,"name":"\u00c9v\u00e8nements","item":"https:\/\/cprprovenances.eu\/index.php\/actualites\/"},{"@type":"ListItem","position":3,"name":"C\u00e9l\u00e9bration du 50\u00e8me anniversaire de l&rsquo;Office central de lutte contre le trafic des biens culturels \/ Celebration of the 50th anniversary of the Central Office against Illicit Trafficking of Cultural Property C\u00e9l\u00e9bration du 50\u00e8me anniversaire de l&rsquo;Office central de lutte contre le trafic des biens culturels \/ Celebration of the 50th anniversary of the Central Office against Illicit Trafficking of Cultural Property"}]},{"@type":"WebSite","@id":"https:\/\/cprprovenances.eu\/#website","url":"https:\/\/cprprovenances.eu\/","name":"CPRProvenances","description":"Le blog du Collectif Pluridisciplinaire de Recherche de Provenances","potentialAction":[{"@type":"SearchAction","target":{"@type":"EntryPoint","urlTemplate":"https:\/\/cprprovenances.eu\/?s={search_term_string}"},"query-input":{"@type":"PropertyValueSpecification","valueRequired":true,"valueName":"search_term_string"}}],"inLanguage":"fr-FR"}]}},"_links":{"self":[{"href":"https:\/\/cprprovenances.eu\/index.php\/wp-json\/wp\/v2\/tribe_events\/1760","targetHints":{"allow":["GET"]}}],"collection":[{"href":"https:\/\/cprprovenances.eu\/index.php\/wp-json\/wp\/v2\/tribe_events"}],"about":[{"href":"https:\/\/cprprovenances.eu\/index.php\/wp-json\/wp\/v2\/types\/tribe_events"}],"author":[{"embeddable":true,"href":"https:\/\/cprprovenances.eu\/index.php\/wp-json\/wp\/v2\/users\/7"}],"version-history":[{"count":1,"href":"https:\/\/cprprovenances.eu\/index.php\/wp-json\/wp\/v2\/tribe_events\/1760\/revisions"}],"predecessor-version":[{"id":1762,"href":"https:\/\/cprprovenances.eu\/index.php\/wp-json\/wp\/v2\/tribe_events\/1760\/revisions\/1762"}],"wp:attachment":[{"href":"https:\/\/cprprovenances.eu\/index.php\/wp-json\/wp\/v2\/media?parent=1760"}],"wp:term":[{"taxonomy":"post_tag","embeddable":true,"href":"https:\/\/cprprovenances.eu\/index.php\/wp-json\/wp\/v2\/tags?post=1760"},{"taxonomy":"tribe_events_cat","embeddable":true,"href":"https:\/\/cprprovenances.eu\/index.php\/wp-json\/wp\/v2\/tribe_events_cat?post=1760"}],"curies":[{"name":"wp","href":"https:\/\/api.w.org\/{rel}","templated":true}]}}