{"id":1386,"date":"2024-10-25T18:53:49","date_gmt":"2024-10-25T16:53:49","guid":{"rendered":"https:\/\/cprprovenances.eu\/?post_type=tribe_events&#038;p=1386"},"modified":"2024-10-25T18:53:49","modified_gmt":"2024-10-25T16:53:49","slug":"la-renaissance-des-fetiches-en-oeuvres-dart","status":"publish","type":"tribe_events","link":"https:\/\/cprprovenances.eu\/index.php\/event\/la-renaissance-des-fetiches-en-oeuvres-dart\/","title":{"rendered":"La renaissance des \u00ab\u00a0f\u00e9tiches\u00a0\u00bb en oeuvres d&rsquo;art"},"content":{"rendered":"<p><strong>Cinq conf\u00e9rences, du 25 novembre au 9 d\u00e9cembre 2024<\/strong><br \/>\nAu cours de ces cinq conf\u00e9rences,\u00a0<strong>Souleymane Bachir Diagne<\/strong>\u00a0tentera de comprendre comment, et dans quelle mesure, la pr\u00e9sence d\u2019objets venus \u00ab d\u2019ailleurs \u00bb perturbe et red\u00e9finit le r\u00e9cit du Louvre. \u00ab<em>\u00a0Il y a l\u00e0 une seconde voie vers l\u2019universel\u00a0: non plus l\u2019universalisme de surplomb (\u2026) mais comme un universel lat\u00e9ral (\u2026), incessante mise \u00e0 l\u2019\u00e9preuve de soi par l\u2019autre et de l\u2019autre par soi<\/em>\u00a0\u00bb \u00e9crivait Merleau-Ponty en 1960. Reprenant \u00e0 son compte cette vision de cultures plac\u00e9es \u00ab c\u00f4te \u00e0 c\u00f4te \u00bb et non pas \u00ab les unes sur les autres \u00bb, se projetant ensemble vers un horizon commun d\u2019universalit\u00e9, le philosophe propose de r\u00e9fl\u00e9chir \u00e0 la question suivante\u00a0: que nous enseigne le Louvre, mus\u00e9e qui met en sc\u00e8ne des objets d\u2019origines, de cultures et d\u2019\u00e9poques diff\u00e9rentes, au sujet de la possibilit\u00e9 d\u2019un \u00ab universalisme lat\u00e9ral \u00bb\u00a0?<\/p>\n<p><strong>Conf\u00e9rence du 25 novembre 2024<\/strong><\/p>\n<p><strong>Que signifie la \u00ab\u00a0louvrisation\u00a0\u00bb des objets, cette mise en mus\u00e9e par laquelle un objet est fait chef-d\u2019\u0153uvre par le voisinage m\u00eame d\u2019autres chefs-d\u2019\u0153uvre\u00a0?<\/strong><\/p>\n<p>R\u00e9fl\u00e9chissant \u00e0 l\u2019odyss\u00e9e des objets qui ont \u00e9t\u00e9 accueillis au Pavillon des Sessions, cette premi\u00e8re conf\u00e9rence regardera comment les migrations de ces pi\u00e8ces, depuis leurs terroirs d\u2019origine jusqu\u2019au Louvre, ont aussi donn\u00e9 lieu au d\u00e9ploiement de significations nouvelles, que ces m\u00eames objets ont mises au jour et qu\u2019ils ont offertes au monde.<br \/>\nLa question de la restitution sera discut\u00e9e \u00e0 la lumi\u00e8re de ce fait qu\u2019ils sont, au cours de leur travers\u00e9e et avec leur entr\u00e9e au mus\u00e9e, devenus d\u00e9sormais des objets mutants.<\/p>\n","protected":false},"excerpt":{"rendered":"<p>Cinq conf\u00e9rences, du 25 novembre au 9 d\u00e9cembre 2024 Au cours de ces cinq conf\u00e9rences,\u00a0Souleymane Bachir Diagne\u00a0tentera de comprendre comment, et dans quelle mesure, la pr\u00e9sence d\u2019objets venus \u00ab d\u2019ailleurs [&hellip;]<\/p>\n","protected":false},"author":7,"featured_media":0,"template":"","meta":{"_tribe_events_status":"","_tribe_events_status_reason":"","footnotes":""},"tags":[74,37,101,102,40],"tribe_events_cat":[4],"class_list":["post-1386","tribe_events","type-tribe_events","status-publish","hentry","tag-collections-coloniales","tag-contexte-colonial","tag-fetiches","tag-louvre","tag-restitution","tribe_events_cat-evenement","cat_evenement"],"yoast_head":"<!-- This site is optimized with the Yoast SEO plugin v27.4 - https:\/\/yoast.com\/product\/yoast-seo-wordpress\/ -->\n<title>La renaissance des &quot;f\u00e9tiches&quot; en oeuvres d&#039;art - CPRProvenances<\/title>\n<meta name=\"robots\" content=\"index, follow, max-snippet:-1, max-image-preview:large, max-video-preview:-1\" \/>\n<link rel=\"canonical\" href=\"https:\/\/cprprovenances.eu\/index.php\/event\/la-renaissance-des-fetiches-en-oeuvres-dart\/\" \/>\n<meta property=\"og:locale\" content=\"fr_FR\" \/>\n<meta property=\"og:type\" content=\"article\" \/>\n<meta property=\"og:title\" content=\"La renaissance des &quot;f\u00e9tiches&quot; en oeuvres d&#039;art - CPRProvenances\" \/>\n<meta property=\"og:description\" content=\"Cinq conf\u00e9rences, du 25 novembre au 9 d\u00e9cembre 2024 Au cours de ces cinq conf\u00e9rences,\u00a0Souleymane Bachir Diagne\u00a0tentera de comprendre comment, et dans quelle mesure, la pr\u00e9sence d\u2019objets venus \u00ab d\u2019ailleurs [&hellip;]\" \/>\n<meta property=\"og:url\" content=\"https:\/\/cprprovenances.eu\/index.php\/event\/la-renaissance-des-fetiches-en-oeuvres-dart\/\" \/>\n<meta property=\"og:site_name\" content=\"CPRProvenances\" \/>\n<meta name=\"twitter:card\" content=\"summary_large_image\" \/>\n<meta name=\"twitter:label1\" content=\"Dur\u00e9e de lecture estim\u00e9e\" \/>\n\t<meta name=\"twitter:data1\" content=\"2 minutes\" \/>\n<script type=\"application\/ld+json\" class=\"yoast-schema-graph\">{\"@context\":\"https:\\\/\\\/schema.org\",\"@graph\":[{\"@type\":\"WebPage\",\"@id\":\"https:\\\/\\\/cprprovenances.eu\\\/index.php\\\/event\\\/la-renaissance-des-fetiches-en-oeuvres-dart\\\/\",\"url\":\"https:\\\/\\\/cprprovenances.eu\\\/index.php\\\/event\\\/la-renaissance-des-fetiches-en-oeuvres-dart\\\/\",\"name\":\"La renaissance des \\\"f\u00e9tiches\\\" en oeuvres d'art - CPRProvenances\",\"isPartOf\":{\"@id\":\"https:\\\/\\\/cprprovenances.eu\\\/#website\"},\"datePublished\":\"2024-10-25T16:53:49+00:00\",\"breadcrumb\":{\"@id\":\"https:\\\/\\\/cprprovenances.eu\\\/index.php\\\/event\\\/la-renaissance-des-fetiches-en-oeuvres-dart\\\/#breadcrumb\"},\"inLanguage\":\"fr-FR\",\"potentialAction\":[{\"@type\":\"ReadAction\",\"target\":[\"https:\\\/\\\/cprprovenances.eu\\\/index.php\\\/event\\\/la-renaissance-des-fetiches-en-oeuvres-dart\\\/\"]}]},{\"@type\":\"BreadcrumbList\",\"@id\":\"https:\\\/\\\/cprprovenances.eu\\\/index.php\\\/event\\\/la-renaissance-des-fetiches-en-oeuvres-dart\\\/#breadcrumb\",\"itemListElement\":[{\"@type\":\"ListItem\",\"position\":1,\"name\":\"Accueil\",\"item\":\"https:\\\/\\\/cprprovenances.eu\\\/\"},{\"@type\":\"ListItem\",\"position\":2,\"name\":\"\u00c9v\u00e8nements\",\"item\":\"https:\\\/\\\/cprprovenances.eu\\\/index.php\\\/actualites\\\/\"},{\"@type\":\"ListItem\",\"position\":3,\"name\":\"La renaissance des \u00ab\u00a0f\u00e9tiches\u00a0\u00bb en oeuvres d&rsquo;art\"}]},{\"@type\":\"WebSite\",\"@id\":\"https:\\\/\\\/cprprovenances.eu\\\/#website\",\"url\":\"https:\\\/\\\/cprprovenances.eu\\\/\",\"name\":\"CPRProvenances\",\"description\":\"Le blog du Collectif Pluridisciplinaire de Recherche de Provenances\",\"potentialAction\":[{\"@type\":\"SearchAction\",\"target\":{\"@type\":\"EntryPoint\",\"urlTemplate\":\"https:\\\/\\\/cprprovenances.eu\\\/?s={search_term_string}\"},\"query-input\":{\"@type\":\"PropertyValueSpecification\",\"valueRequired\":true,\"valueName\":\"search_term_string\"}}],\"inLanguage\":\"fr-FR\"}]}<\/script>\n<!-- \/ Yoast SEO plugin. -->","yoast_head_json":{"title":"La renaissance des \"f\u00e9tiches\" en oeuvres d'art - CPRProvenances","robots":{"index":"index","follow":"follow","max-snippet":"max-snippet:-1","max-image-preview":"max-image-preview:large","max-video-preview":"max-video-preview:-1"},"canonical":"https:\/\/cprprovenances.eu\/index.php\/event\/la-renaissance-des-fetiches-en-oeuvres-dart\/","og_locale":"fr_FR","og_type":"article","og_title":"La renaissance des \"f\u00e9tiches\" en oeuvres d'art - CPRProvenances","og_description":"Cinq conf\u00e9rences, du 25 novembre au 9 d\u00e9cembre 2024 Au cours de ces cinq conf\u00e9rences,\u00a0Souleymane Bachir Diagne\u00a0tentera de comprendre comment, et dans quelle mesure, la pr\u00e9sence d\u2019objets venus \u00ab d\u2019ailleurs [&hellip;]","og_url":"https:\/\/cprprovenances.eu\/index.php\/event\/la-renaissance-des-fetiches-en-oeuvres-dart\/","og_site_name":"CPRProvenances","twitter_card":"summary_large_image","twitter_misc":{"Dur\u00e9e de lecture estim\u00e9e":"2 minutes"},"schema":{"@context":"https:\/\/schema.org","@graph":[{"@type":"WebPage","@id":"https:\/\/cprprovenances.eu\/index.php\/event\/la-renaissance-des-fetiches-en-oeuvres-dart\/","url":"https:\/\/cprprovenances.eu\/index.php\/event\/la-renaissance-des-fetiches-en-oeuvres-dart\/","name":"La renaissance des \"f\u00e9tiches\" en oeuvres d'art - CPRProvenances","isPartOf":{"@id":"https:\/\/cprprovenances.eu\/#website"},"datePublished":"2024-10-25T16:53:49+00:00","breadcrumb":{"@id":"https:\/\/cprprovenances.eu\/index.php\/event\/la-renaissance-des-fetiches-en-oeuvres-dart\/#breadcrumb"},"inLanguage":"fr-FR","potentialAction":[{"@type":"ReadAction","target":["https:\/\/cprprovenances.eu\/index.php\/event\/la-renaissance-des-fetiches-en-oeuvres-dart\/"]}]},{"@type":"BreadcrumbList","@id":"https:\/\/cprprovenances.eu\/index.php\/event\/la-renaissance-des-fetiches-en-oeuvres-dart\/#breadcrumb","itemListElement":[{"@type":"ListItem","position":1,"name":"Accueil","item":"https:\/\/cprprovenances.eu\/"},{"@type":"ListItem","position":2,"name":"\u00c9v\u00e8nements","item":"https:\/\/cprprovenances.eu\/index.php\/actualites\/"},{"@type":"ListItem","position":3,"name":"La renaissance des \u00ab\u00a0f\u00e9tiches\u00a0\u00bb en oeuvres d&rsquo;art"}]},{"@type":"WebSite","@id":"https:\/\/cprprovenances.eu\/#website","url":"https:\/\/cprprovenances.eu\/","name":"CPRProvenances","description":"Le blog du Collectif Pluridisciplinaire de Recherche de Provenances","potentialAction":[{"@type":"SearchAction","target":{"@type":"EntryPoint","urlTemplate":"https:\/\/cprprovenances.eu\/?s={search_term_string}"},"query-input":{"@type":"PropertyValueSpecification","valueRequired":true,"valueName":"search_term_string"}}],"inLanguage":"fr-FR"}]}},"_links":{"self":[{"href":"https:\/\/cprprovenances.eu\/index.php\/wp-json\/wp\/v2\/tribe_events\/1386","targetHints":{"allow":["GET"]}}],"collection":[{"href":"https:\/\/cprprovenances.eu\/index.php\/wp-json\/wp\/v2\/tribe_events"}],"about":[{"href":"https:\/\/cprprovenances.eu\/index.php\/wp-json\/wp\/v2\/types\/tribe_events"}],"author":[{"embeddable":true,"href":"https:\/\/cprprovenances.eu\/index.php\/wp-json\/wp\/v2\/users\/7"}],"version-history":[{"count":1,"href":"https:\/\/cprprovenances.eu\/index.php\/wp-json\/wp\/v2\/tribe_events\/1386\/revisions"}],"predecessor-version":[{"id":1388,"href":"https:\/\/cprprovenances.eu\/index.php\/wp-json\/wp\/v2\/tribe_events\/1386\/revisions\/1388"}],"wp:attachment":[{"href":"https:\/\/cprprovenances.eu\/index.php\/wp-json\/wp\/v2\/media?parent=1386"}],"wp:term":[{"taxonomy":"post_tag","embeddable":true,"href":"https:\/\/cprprovenances.eu\/index.php\/wp-json\/wp\/v2\/tags?post=1386"},{"taxonomy":"tribe_events_cat","embeddable":true,"href":"https:\/\/cprprovenances.eu\/index.php\/wp-json\/wp\/v2\/tribe_events_cat?post=1386"}],"curies":[{"name":"wp","href":"https:\/\/api.w.org\/{rel}","templated":true}]}}